{"id":207,"date":"2016-10-29T14:45:44","date_gmt":"2016-10-29T12:45:44","guid":{"rendered":"http:\/\/imkerei-18er.de\/?page_id=207"},"modified":"2025-05-21T10:31:14","modified_gmt":"2025-05-21T10:31:14","slug":"ueber-den-verein","status":"publish","type":"page","link":"https:\/\/ogv-gernlinden.eu\/?page_id=207","title":{"rendered":"\u00dcber den Verein"},"content":{"rendered":"<h1 align=\"center\"><span style=\"color: #008000;\">Chronik<\/span><\/h1>\n<h4 style=\"text-align: center;\"><span style=\"color: #008000;\">des<\/span><\/h4>\n<h4 style=\"text-align: center;\"><span style=\"color: #008000;\">Obst- und Gartenbauvereins<\/span><br \/><span style=\"color: #008000;\"> Gernlinden<\/span><\/h4>\n<p style=\"text-align: center;\">Vor weit \u00fcber\u00a050 Jahren \u2013 exakt am 02. April 1955 \u2013 wurde im Anschluss an eine Gartenbegehung durch den OGV Maisach in der Bahnhofsrestauration Gernlinden (so hie\u00df unsere ehemalige Bahnhofswirtschaft), sp\u00e4ter auch als Waldschl\u00f6sschen bezeichnet, der Obst- und Gartenbauverein Gernlinden gegr\u00fcndet.<br \/>22 Mitglieder traten an diesem Abend dem Verein bei.<\/p>\n<p style=\"text-align: center;\"><a href=\"http:\/\/ogv-gernlinden.eu\/wp-content\/uploads\/2016\/10\/OGV_0.jpg\"><img loading=\"lazy\" decoding=\"async\" class=\"alignnone wp-image-279\" src=\"http:\/\/ogv-gernlinden.eu\/wp-content\/uploads\/2016\/10\/OGV_0-220x300.jpg\" alt=\"ogv_0\" width=\"436\" height=\"595\" srcset=\"https:\/\/ogv-gernlinden.eu\/wp-content\/uploads\/2016\/10\/OGV_0-220x300.jpg 220w, https:\/\/ogv-gernlinden.eu\/wp-content\/uploads\/2016\/10\/OGV_0-768x1048.jpg 768w, https:\/\/ogv-gernlinden.eu\/wp-content\/uploads\/2016\/10\/OGV_0-751x1024.jpg 751w, https:\/\/ogv-gernlinden.eu\/wp-content\/uploads\/2016\/10\/OGV_0.jpg 1269w\" sizes=\"auto, (max-width: 436px) 100vw, 436px\" \/><\/a><\/p>\n<h4 align=\"center\">\u00a0<\/h4>\n<h4 style=\"text-align: center;\" align=\"center\"><span style=\"text-decoration: underline;\">\u00a0Chronologischer Auszug aus der Geschichte des OGV-Gernlinden:<\/span><\/h4>\n<p style=\"text-align: center;\"><span style=\"color: #008000;\"><strong>Gr\u00fcndung des Obst- und Gartenbauvereins\u00a0Gernlinden<br \/>am 02.04.1955<\/strong><\/span><br \/>1. Vorsitzender: Johann Limmer<br \/>2. Vorsitzender: Josef Kennerknecht sen.<\/p>\n<p style=\"text-align: center;\">31.03.1957<br \/>1. Vorsitzender: Josef Kennerknecht sen.<br \/>2. Vorsitzender: Rudolf Keilberth<\/p>\n<p style=\"text-align: center;\">11.03.1962<br \/>1. Vorsitzender: Innozenz Romy<br \/>2. Vorsitzender: Josef Schmid<\/p>\n<p style=\"text-align: center;\">13.03.1977<br \/>1. Vorsitzender: Innozenz Romy<br \/>2. Vorsitzender: Hans Kares<\/p>\n<p style=\"text-align: center;\">15.03.1981<br \/>1. Vorsitzender: Hans Nowak<br \/>2. Vorsitzender: Hans Kares<\/p>\n<p style=\"text-align: center;\">07.01.1985<br \/>Der Verein beantragte die Gemeinn\u00fctzigkeit, die drei Jahre sp\u00e4ter<br \/>anerkannt wurde.Auf der Jahreshauptversammlung hat man die<br \/>30-Jahrfeier noch einmal Revue passieren lassen. Der 2. B\u00fcrgermeister,<br \/>Herr Josef Poxleitner bedankte sich nochmals und pr\u00e4gte den Satz:<br \/><span style=\"color: #993300;\">..dass dieser Verein ma\u00dfgeblich daran beteiligt war, dass Gernlinden sein <\/span><br \/><span style=\"color: #993300;\">Gesicht gewahrt und den Charakter einer Gartensiedlung erhalten habe ..<\/span><\/p>\n<p style=\"text-align: center;\">1987<br \/>Der OGV ist<span style=\"color: #000000;\"> gesch\u00e4ftsf\u00fchrender<\/span> Verein des Ortskartells<\/p>\n<p style=\"text-align: center;\">09.03.1987<br \/>Vorschlag zum Bau einer Ger\u00e4teh\u00fctte<\/p>\n<p style=\"text-align: center;\">20.03.1988<br \/>1. Vorsitzender: Jakob Sailer<br \/>2. Vorsitzender: Mathias Kiefer<\/p>\n<p style=\"text-align: center;\">07.10.1988<br \/>Eintragung ins Vereinsregister\u00a0\u00a0 Einweihung der Ger\u00e4teh\u00fctte, die durch<br \/>mehrere hundert Stunden Eigenleistung der Mitglieder errichtet und<br \/>durch Pfarrer Majic gesegnet wurde.<\/p>\n<p style=\"text-align: center;\">05.10.1991<br \/>Fertigstellung und Einweihung der Ger\u00e4teh\u00fctte an der Rudolf-Diesel-Stra\u00dfe\u00a0<\/p>\n<p style=\"text-align: center;\">17.11.2000<br \/>1. Vorsitzender: Werner Oehlenschl\u00e4ger<br \/>2. Vorsitzender: Jakob Sailer<\/p>\n<p style=\"text-align: center;\">25.03.2004<br \/>1. Vorsitzender: Werner Oehlenschl\u00e4ger<br \/>2. Vorsitzender: Klaus Wienand<\/p>\n<p style=\"text-align: center;\">18.11.2005:<br \/>1. Vorsitzender: Heinrich R\u00fcter (bis 24.01.2013)<br \/>2. Vorsitzender: Klaus Wienand (bis 11.11.2014)<\/p>\n<p style=\"text-align: center;\"><a href=\"http:\/\/ogv-gernlinden.eu\/wp-content\/uploads\/2016\/10\/OGV_1.jpg\"><img loading=\"lazy\" decoding=\"async\" class=\" wp-image-273 alignright\" src=\"http:\/\/ogv-gernlinden.eu\/wp-content\/uploads\/2016\/10\/OGV_1-300x225.jpg\" alt=\"ogv_1\" width=\"251\" height=\"188\" srcset=\"https:\/\/ogv-gernlinden.eu\/wp-content\/uploads\/2016\/10\/OGV_1-300x225.jpg 300w, https:\/\/ogv-gernlinden.eu\/wp-content\/uploads\/2016\/10\/OGV_1-768x576.jpg 768w, https:\/\/ogv-gernlinden.eu\/wp-content\/uploads\/2016\/10\/OGV_1-1024x768.jpg 1024w\" sizes=\"auto, (max-width: 251px) 100vw, 251px\" \/><\/a><\/p>\n<p>von links nach rechts:<br \/>Werner Feiler (Schriftf\u00fchrer)<br \/>Hans-Werner Maier (Beisitzer)<br \/>Heinrich R\u00fcter (1.Vorsitzender)<br \/>Bernd Rast (Kassier)<br \/>Klaus Wienand (2.Vorsitzen<span style=\"font-size: small;\"><span style=\"font-size: medium;\">der)<br \/><\/span><\/span><span style=\"font-size: medium;\">Margarita Poxleitner-Enger<br \/>(Beisitzerin)<\/span><\/p>\n<ul>\n<li style=\"list-style-type: none;\">\n<ul>\n<li style=\"text-align: left;\"><strong>2013:<\/strong><br \/>Am 24.01.2013 verstarb pl\u00f6tzlich und unerwartet der 1. Vorsitzende Heinrich R\u00fcter.<br \/>Bei der Jahreshauptversammlung am Mittwoch, 27.03.2013 im B\u00fcrgerzentrum Gernlinden standen die regul\u00e4ren Vorstandswahlen an. Im Vorfeld tat sich der Verein sehr schwer, nachdem auch der zweite Vorstand, Klaus Wienand nicht mehr kandidieren will, einen ersten und zweiten Vorsitzenden zu gewinnen. Frau Margarita Poxleitner-Enger und auch erneut Herr Klaus Wienand stellten sich \u00a0bei der Mitgliederversammlung f\u00fcr die Weiterf\u00fchrung des Vereins, die dann ohne Gegenstimmen zum 1. und 2. Vorsitzenden gew\u00e4hlt wurden.<\/li>\n<\/ul>\n<\/li>\n<\/ul>\n<ul>\n<li style=\"list-style-type: none;\">\n<ul>\n<li style=\"text-align: center;\"><span style=\"color: #008000;\"><strong>27.03.2013:<\/strong><\/span><br \/><span style=\"color: #008000;\"> 1. Vorsitzende:\u00a0Margarita Poxleitner-Enger<\/span><br \/><span style=\"color: #008000;\"> 2. Vorsitzender: Klaus Wienand<\/span><\/li>\n<li><strong>2014:<\/strong><br \/>Bei einer Vorstandsitzung (Stammtisch im Sportheim) am 11.11.2014 vermissten die Mitglieder die zuverl\u00e4ssige Teilnahme des 2. Vorsitzenden Klaus Wienand. Wie seine Ehefrau am n\u00e4chsten Tag der Vorstandschaft mitteilte, verstarb Klaus am 11.11.2014. Er war damit 11\u00a0Jahre Mitglied des OGV und vom 25.03.2004\u00a0bis zu seinem Tod, \u00a02. Vorsitzender.<\/li>\n<li><strong>2015:<\/strong><br \/>In der Jahreshauptversammlung am 18.03.2015 stellte sich Herr Gerhard Reichert als 2. Vorstand zur Verf\u00fcgung, der einstimmig ohne Gegenstimme gew\u00e4hlt wurde.<\/li>\n<\/ul>\n<\/li>\n<\/ul>\n<p style=\"text-align: center;\"><span style=\"color: #008000;\"><strong>18.03.2015:<\/strong><\/span><br \/><span style=\"color: #008000;\"> 1. Vorsitzende: Margarita Poxleitner-Enger<\/span><br \/><span style=\"color: #008000;\"> 2. Vorsitzender:\u00a0Gerhard Reichert<\/span><\/p>\n<ul>\n<li style=\"list-style-type: none;\">\n<ul>\n<li>Der ehemalige 1. Vorsitzende, Herr Werner Oehlenschl\u00e4ger, verstarb am Sonntag, 21.06.2015 im Alter von 83 Jahren. Er war 38 Jahre Mitglied des OGV und vom 17.11.2000 bis 18.11.2005 1. Vorsitzender.<\/li>\n<li><strong>2017:<br \/><\/strong>In der Jahreshauptversammlung am 22.03.2017 wurden wieder die anstehenden Neuwahlen durchgef\u00fchrt. Einstimmig ohne Gegenstimme wurden gew\u00e4hlt:<\/li>\n<\/ul>\n<\/li>\n<\/ul>\n<p style=\"text-align: center;\"><span style=\"color: #008000;\"><strong>22.03.2017:<\/strong><\/span><br \/><span style=\"color: #008000;\">1. Vorsitzende: Margarita Poxleitner-Enger<\/span><br \/><span style=\"color: #008000;\"><span style=\"color: #008000;\">2. Vorsitzender:\u00a0Gerhard Reichert<\/span><\/span><\/p>\n<ul>\n<li style=\"list-style-type: none;\">\n<ul>\n<li><strong>2019:<br \/><\/strong>In der Jahreshauptversammlung am <strong><span style=\"color: #008000;\">27.03.2019<\/span> <\/strong>legte Herr Bernd Rast sein Amt als Kassier nieder. Wir danken Herrn Bernd Rast f\u00fcr seine korrekte, langj\u00e4hrige T\u00e4tigkeit als Kassier.<br \/><strong><span style=\"color: #008000; font-size: 1em;\">Frau Elisabeth Graf stellte sich als einzige zur Nachfolge f\u00fcr das Amt als Kassiererin zur Verf\u00fcgung. Sie wurde einstimmig ohne Gegenstimme gew\u00e4hlt.\u00a0<\/span><\/strong><\/li>\n<li><b>2020: \u00a0 <\/b><br \/><b>Wegen der Corona-Epidemie konnte in 2020 keine Jahreshauptversammlung durchgef\u00fchrt werden ! Somit entfielen auch die turnusm\u00e4\u00dfigen Neuwahlen der\u00a0<\/b><span style=\"font-weight: 600;\">Vorstands-<\/span><b>\u00a0und\u00a0<\/b><span style=\"font-weight: 600;\">Ausschussmitglieder.<\/span><\/li>\n<li><span style=\"font-weight: 600;\"><strong>2021:<\/strong><\/span><strong><br \/><\/strong>In der Jahreshauptversammlung am 08.09.2021 wurden nun die verschobenen Neuwahlen durchgef\u00fchrt. Einstimmig ohne Gegenstimme wurden gew\u00e4hlt:<br \/><span style=\"color: #008000;\"><strong>\u00a0 \u00a0 \u00a0 \u00a0 \u00a0 \u00a0 \u00a0 \u00a0 \u00a0 \u00a0 \u00a0 \u00a0 \u00a0 \u00a0 \u00a0 \u00a0 \u00a0 \u00a0 \u00a0 \u00a0 \u00a0 \u00a0 \u00a0 \u00a0 \u00a0 \u00a0 \u00a0 \u00a0 \u00a0 \u00a0 \u00a0 \u00a0 \u00a0 \u00a0 \u00a0 \u00a0 \u00a0 \u00a0 \u00a0 \u00a0 \u00a0 \u00a0 \u00a0 \u00a0 \u00a0 \u00a0 \u00a0 \u00a0 \u00a0 \u00a008.09.2021:<\/strong><\/span><br \/><span style=\"color: #008000;\">\u00a0 \u00a0 \u00a0 \u00a0 \u00a0 \u00a0 \u00a0 \u00a0 \u00a0 \u00a0 \u00a0 \u00a0 \u00a0 \u00a0 \u00a0 \u00a0 \u00a0 \u00a0 \u00a0 \u00a0 \u00a0 \u00a0 \u00a0 \u00a0 \u00a0 \u00a0 \u00a0 \u00a0 \u00a0 \u00a0 \u00a0 \u00a01. Vorsitzende: Margarita Poxleitner-Enger<\/span><br \/><span style=\"color: #008000;\">\u00a0 \u00a0 \u00a0 \u00a0 \u00a0 \u00a0 \u00a0 \u00a0 \u00a0 \u00a0 \u00a0 \u00a0 \u00a0 \u00a0 \u00a0 \u00a0 \u00a0 \u00a0 \u00a0 \u00a0 \u00a0 \u00a0 \u00a0 \u00a0 \u00a0 \u00a0 \u00a0 \u00a0 \u00a0 \u00a0 \u00a0 \u00a0 \u00a0 \u00a0 \u00a0 \u00a0 \u00a0 \u00a0 2. Vorsitzender:\u00a0Gerhard Reichert<br \/><\/span>Kassiererin: Elisabeth Graf \/ \u00a0Schriftf\u00fchrer: Werner Feiler \u00a0 \u00a0<br \/>Ausschussmitglieder: Anton Fech; Peter Aust; Paul M\u00fcller; Herbert Markus; Sieglinde H\u00f6fner<br \/>Kassenrevisoren: Albert Sollinger; Helmut Huber<\/li>\n<li><strong>2025:<\/strong><br \/>In der Jahreshauptversammlung am 25.03.2025 wurden die anstehenden Neuwahlen durchgef\u00fchrt. Einstimmig ohne Gegenstimme wurden gew\u00e4hlt:<br \/><span style=\"color: #008000;\"><strong>\u00a0 \u00a0 \u00a0 \u00a0 \u00a0 \u00a0 \u00a0 \u00a0 \u00a0 \u00a0 \u00a0 \u00a0 \u00a0 \u00a0 \u00a0 \u00a0 \u00a0 \u00a0 \u00a0 \u00a0 \u00a0 \u00a0 \u00a0 \u00a0 \u00a0 \u00a0 \u00a0 \u00a0 \u00a0 \u00a0 \u00a0 \u00a0 \u00a0 \u00a0 \u00a0 \u00a0 \u00a0 \u00a0 \u00a0 \u00a0 \u00a0 \u00a0 \u00a0 \u00a0 \u00a0 \u00a0 \u00a0 \u00a0 \u00a0 \u00a025.03.2025:<\/strong><\/span><br \/><span style=\"color: #008000;\">\u00a0 \u00a0 \u00a0 \u00a0 \u00a0 \u00a0 \u00a0 \u00a0 \u00a0 \u00a0 \u00a0 \u00a0 \u00a0 \u00a0 \u00a0 \u00a0 \u00a0 \u00a0 \u00a0 \u00a0 \u00a0 \u00a0 \u00a0 \u00a0 \u00a0 \u00a0 \u00a0 \u00a0 \u00a0 \u00a0 \u00a0 \u00a01. Vorsitzende: Margarita Poxleitner-Enger<\/span><br \/><span style=\"color: #008000;\">\u00a0 \u00a0 \u00a0 \u00a0 \u00a0 \u00a0 \u00a0 \u00a0 \u00a0 \u00a0 \u00a0 \u00a0 \u00a0 \u00a0 \u00a0 \u00a0 \u00a0 \u00a0 \u00a0 \u00a0 \u00a0 \u00a0 \u00a0 \u00a0 \u00a0 \u00a0 \u00a0 \u00a0 \u00a0 \u00a0 \u00a0 \u00a0 \u00a0 \u00a0 \u00a0 \u00a0 \u00a0 \u00a0 2. Vorsitzender:\u00a0Gerhard Reichert<br \/><\/span>Kassiererin: Elisabeth Graf \/ \u00a0Schriftf\u00fchrer: Werner Feiler \u00a0 \u00a0<br \/>Ausschussmitglieder: Anton Fech; Peter Aust; Paul M\u00fcller; Herbert Markus; Isabel Markwitz, Bernd Rast<br \/>Kassenrevisoren: Albert Sollinger; Helmut Huber<\/li>\n<\/ul>\n<\/li>\n<\/ul>\n<p><span style=\"color: #0000ff;\"><strong>Ehrenmitglieder<\/strong><\/span><br \/>1957 Nothelfer Vinzenz und Limmer Johann<\/p>\n<p>1967 Reitberger Heinrich<\/p>\n<p>1974 Baierl Mathias<\/p>\n<p>1977 Schmid Josef<\/p>\n<p>1981 Innozenz Romy\u00a0als<br \/>Ehrenvorsitzender f\u00fcr 20 Jahre Vorstand.<\/p>\n<p>1990 Poxleitner, Josef<\/p>\n<p><a href=\"http:\/\/ogv-gernlinden.eu\/wp-content\/uploads\/2016\/10\/OGV_2.jpg\"><img loading=\"lazy\" decoding=\"async\" class=\" wp-image-282 alignleft\" src=\"http:\/\/ogv-gernlinden.eu\/wp-content\/uploads\/2016\/10\/OGV_2-220x300.jpg\" alt=\"ogv_2\" width=\"293\" height=\"400\" srcset=\"https:\/\/ogv-gernlinden.eu\/wp-content\/uploads\/2016\/10\/OGV_2-220x300.jpg 220w, https:\/\/ogv-gernlinden.eu\/wp-content\/uploads\/2016\/10\/OGV_2-768x1048.jpg 768w, https:\/\/ogv-gernlinden.eu\/wp-content\/uploads\/2016\/10\/OGV_2-751x1024.jpg 751w, https:\/\/ogv-gernlinden.eu\/wp-content\/uploads\/2016\/10\/OGV_2.jpg 1269w\" sizes=\"auto, (max-width: 293px) 100vw, 293px\" \/><\/a><span style=\"color: #008000;\"><strong><span style=\"color: #0000ff;\">Mitgliederentwicklung:<\/span><br \/><\/strong><\/span>02.04.1955 \u00a0 \u00a022 Gr\u00fcndungsmitglieder<br \/>Ende 1955 waren es 43 Mitglieder<br \/>1965: \u00a0207 Mitglieder<br \/>1975: \u00a0330 Mitglieder<br \/>1985: \u00a0430 Mitglieder<br \/>1995: \u00a0400 Mitglieder<br \/>2005: \u00a0284 Mitglieder<br \/>2010: \u00a0231 Mitglieder<br \/>2015: \u00a0198 Mitglieder<br \/>2016: \u00a0182 Mitglieder, davon 9 Mitglieder \u00fcber 90 Jahre<br \/>2018: \u00a0174 Mitglieder<br \/>2020: \u00a0170 Mitglieder<br \/>2021: \u00a0175 Mitglieder<br \/>2022: \u00a0171 Mitglieder<br \/>2023: \u00a0174 Mitglieder<br \/>2024: \u00a0181 Mitglieder<br \/>2025: \u00a0187 Mitglieder<\/p>\n<p><strong><span style=\"color: #0000ff;\">T\u00e4tigkeiten des Vereins<\/span><u><br \/><\/u>Bepflanzungen in der Ortschaft<\/strong>, u.a.<\/p>\n<ul>\n<li>Feldkreuz an der Ecke Sportstr. (heute: Josef-Poxleitner-Allee) und Wettersteinstr.<\/li>\n<li>Gedenkbaum f\u00fcr Romy an der Vereins &#8211; Ger\u00e4teh\u00fctte<\/li>\n<li>Schulhof zum 30-j\u00e4hrigen Bestehen<\/li>\n<li>Kirche: zur Einweihung 60 Jahre Bruder Konrad<br \/>1983: Bepflanzung Feldkreuz \u00a0am Grundst\u00fcck, Ecke Ganghofer Str. \/ Maisacher Stra\u00dfe<\/li>\n<li>Pflege und Erhaltung der \u00a0Obstb\u00e4ume und Wiesen, an der s.g. Hochzeitswiese, der Obstb\u00e4ume am Waldsee und seit 2005 am Kreis&#8217;l, s\u00fcd\u00f6stlicher Ortseingang\u00a0<\/li>\n<li>Altarschmuck zum 100- j\u00e4hrigen Gr\u00fcndungsfest Gernlinden am 7. Juli 2019, auf der Festwiese<\/li>\n<\/ul>\n<p>Bepflanzung und Pflege der Blumenbeete am gro\u00dfen Kinderspielplatz und n\u00f6rdlich an der Fu\u00dfg\u00e4ngerbr\u00fccke zur S-Bahn<\/p>\n<ul>\n<li style=\"list-style-type: none;\">\n<ul>\n<li>Baumschneidekurse und Baumpflege auf den Streuobstwiesen und in Privarg\u00e4rten<\/li>\n<li>Baumveredelungskurse auf den Streuobstwiesen<\/li>\n<li>Blumenschmuckbewertungen<\/li>\n<li>Teilnahme an den Faschingsumz\u00fcgen<\/li>\n<li>Teilnahme mit Aktionen an dem j\u00e4hrlichen Ferienprogramm f\u00fcr die Kinder<\/li>\n<li>Starkbierfest mit den Luitpoldmusikanten<\/li>\n<li>Allj\u00e4hrliche Durchf\u00fchrung eines Sommerfestes am Waldsee<\/li>\n<li>Allj\u00e4hrliches Rama dama zusammen mit den Kindern der Grundschule f\u00fcr die Sauberkeit in und um den Ortsteil<\/li>\n<li>Schm\u00fcckung des Altars j\u00e4hrlich zu Erntedank in der Kirche Bruder Konrad<\/li>\n<li>Allj\u00e4hrliches Kartoffelfeuer zu Herbstbeginn am Kistlereck, f\u00fcr alle Kinder mit Eltern und Gro\u00dfeltern<br \/><strong><br \/>Vereinsausfl\u00fcge:<\/strong><\/li>\n<\/ul>\n<\/li>\n<\/ul>\n<ul>\n<li style=\"list-style-type: none;\">\n<ul>\n<li><span style=\"font-size: 0.95em; line-height: 1.6em;\">Tagesausfl\u00fcge zu verschiedenen Sehensw\u00fcrdigkeiten und Veranstaltungen<\/span><\/li>\n<li><span style=\"font-size: 0.95em; line-height: 1.6em;\">Mehrtagesausfl\u00fcge, zu diversen Zielen, wie z.B. Landesgartenschau<\/span><\/li>\n<li><span style=\"font-size: 0.95em; line-height: 1.6em;\">Wochenend-Radtouren z.B. entlang an Fl\u00fcssen und Seen<\/span><\/li>\n<\/ul>\n<\/li>\n<\/ul>\n<ul>\n<li style=\"list-style-type: none;\">\u00a0<\/li>\n<\/ul>\n<p><span style=\"color: #0000ff;\"><strong>Spenden:<\/strong><\/span><\/p>\n<p>Der OGV hat bereits mehrmals aus den Ertr\u00e4gen\u00a0seiner Veranstaltungen Spenden geleistet, so:<\/p>\n<ul>\n<li>1987 f\u00fcr die Kinderkrebshilfe<\/li>\n<li>2003 an \u201eKrebskranken Kindern helfen im Landkreis\u201c zusammen mit dem \u00a0Siedlerbund, der Arbeiterwohlfahrt und dem o.g. Verein<\/li>\n<li>2004 an die drei Gernlindener Kinderg\u00e4rten<br \/>Bemerkung:\u00a0<strong><span style=\"color: #339966;\">Der Obst- und Gartenbauverein konnte 2005 sein 50j\u00e4hriges Bestehen<\/span> im B\u00fcrgerzentrum Gernlinden geb\u00fchrend feiern.<\/strong> Allen Mitgliedern und vor allem allen Vorstandschaften sollen die Worte vom Ehrenb\u00fcrger der Gemeinde, Herrn Josef Poxleitner, weiterhin Leitlinie sein, die er am 16.03.1986 in der Jahreshauptversammlung sprach:<br \/><strong><span style=\"color: #008000;\">&#8230;dass dieser Verein ma\u00dfgeblich daran beteiligt war,\u00a0dass Gernlinden sein Gesicht\u00a0gewahrt und den Charakter\u00a0einer Gartensiedlung\u00a0erhalten habe &#8230;<\/span><\/strong><\/li>\n<\/ul>\n\n\n<p><\/p>\n","protected":false},"excerpt":{"rendered":"<p>Chronik des Obst- und Gartenbauvereins Gernlinden Vor weit \u00fcber\u00a050 Jahren \u2013 exakt am 02. April 1955 \u2013 wurde im Anschluss an eine Gartenbegehung durch den OGV Maisach in der Bahnhofsrestauration Gernlinden (so hie\u00df unsere ehemalige Bahnhofswirtschaft), sp\u00e4ter auch als Waldschl\u00f6sschen bezeichnet, der Obst- und Gartenbauverein Gernlinden gegr\u00fcndet.22 Mitglieder traten an diesem Abend dem Verein bei. \u00a0 \u00a0Chronologischer Auszug aus der<\/p>\n","protected":false},"author":1,"featured_media":0,"parent":0,"menu_order":0,"comment_status":"closed","ping_status":"closed","template":"","meta":{"footnotes":""},"class_list":["post-207","page","type-page","status-publish","hentry"],"_links":{"self":[{"href":"https:\/\/ogv-gernlinden.eu\/index.php?rest_route=\/wp\/v2\/pages\/207","targetHints":{"allow":["GET"]}}],"collection":[{"href":"https:\/\/ogv-gernlinden.eu\/index.php?rest_route=\/wp\/v2\/pages"}],"about":[{"href":"https:\/\/ogv-gernlinden.eu\/index.php?rest_route=\/wp\/v2\/types\/page"}],"author":[{"embeddable":true,"href":"https:\/\/ogv-gernlinden.eu\/index.php?rest_route=\/wp\/v2\/users\/1"}],"replies":[{"embeddable":true,"href":"https:\/\/ogv-gernlinden.eu\/index.php?rest_route=%2Fwp%2Fv2%2Fcomments&post=207"}],"version-history":[{"count":22,"href":"https:\/\/ogv-gernlinden.eu\/index.php?rest_route=\/wp\/v2\/pages\/207\/revisions"}],"predecessor-version":[{"id":3622,"href":"https:\/\/ogv-gernlinden.eu\/index.php?rest_route=\/wp\/v2\/pages\/207\/revisions\/3622"}],"wp:attachment":[{"href":"https:\/\/ogv-gernlinden.eu\/index.php?rest_route=%2Fwp%2Fv2%2Fmedia&parent=207"}],"curies":[{"name":"wp","href":"https:\/\/api.w.org\/{rel}","templated":true}]}}